{"id":2,"date":"2019-10-25T16:35:15","date_gmt":"2019-10-25T14:35:15","guid":{"rendered":"http:\/\/modigliani1305.fr\/?page_id=2"},"modified":"2025-02-08T10:51:07","modified_gmt":"2025-02-08T09:51:07","slug":"page-d-exemple","status":"publish","type":"page","link":"https:\/\/modigliani1305.fr\/index.php\/page-d-exemple\/","title":{"rendered":"Calendrier\/R\u00e9servation"},"content":{"rendered":"\n<p><strong>TARIF 2025 <\/strong> taxe de s\u00e9jour (5% en sus) : <strong> <\/strong> <br> linge de lits, serviettes de toilettes et m\u00e9nage de fin de s\u00e9jour (hors coin cuisine) : inclus. L\u2019appartement doit \u00eatre rendu rang\u00e9 , coin cuisine propre.<\/p>\n\n\n\n<p>Tr\u00e8s Basse saison ( hors MIPIM et congr\u00e8s ) :<\/p>\n\n\n\n<p>459\u20ac\/ semaine<\/p>\n\n\n\n<p>&#8212;&#8211;<\/p>\n\n\n\n<p>Basse saison ( hors festival de Cannes et congr\u00e8s )  :<\/p>\n\n\n\n<p>559\u20ac\/Semaine<\/p>\n\n\n\n<p>&#8212;&#8211;<\/p>\n\n\n\n<p>Moyenne saison ( hors congr\u00e8s )  :<\/p>\n\n\n\n<p>699\u20ac \/semaine<\/p>\n\n\n\n<p>&#8212;&#8211;<\/p>\n\n\n\n<p>Haute saison  :<\/p>\n\n\n\n<p>1199\u20ac \/ semaine<\/p>\n\n\n\n<p>Tr\u00e8s haute saison :<\/p>\n\n\n\n<p>1499\u20ac \/ semaine<\/p>\n\n\n\n<p>&#8212;&#8211;<\/p>\n\n\n\n<p><strong>Congr\u00e8s:<\/strong>  MIPIM et FESTIVAL DE CANNES  nous contacter<\/p>\n\n\n\n\n\n<p>Pour r\u00e9server votre location saisonni\u00e8re ( s\u00e9jour de vacances ou de business) au meilleurs tarifs, nous vous invitons \u00e0 vous rendre sur notre plateforme partenaire BOOKING ou directement par la page de contact <\/p>\n\n\n\n<p>\n<a href=\"https:\/\/www.booking.com\/hotel\/fr\/vue-mer-au-calme-proche-plage-et-palais-des-festivals.fr.html\" target=\"_blank\" title=\"Modigliani 1305\" rel=\"noopener noreferrer\"><img decoding=\"async\" class=\"wp-image-192\" style=\"width: 100px;\" src=\"https:\/\/modigliani1305.fr\/wp-content\/uploads\/2019\/11\/Logo-Booking.gif\" alt=\"\"><\/a>\n<\/p>\n<p>Views: 1227<\/p>","protected":false},"excerpt":{"rendered":"<p>TARIF 2025 taxe de s\u00e9jour (5% en sus) : linge de lits, serviettes de toilettes et m\u00e9nage de fin de s\u00e9jour (hors coin cuisine) : inclus. L\u2019appartement doit \u00eatre rendu rang\u00e9 , coin cuisine propre. Tr\u00e8s Basse saison ( hors MIPIM et congr\u00e8s ) : 459\u20ac\/ semaine &#8212;&#8211; Basse saison ( hors festival de Cannes &hellip; <\/p>\n<p class=\"link-more\"><a href=\"https:\/\/modigliani1305.fr\/index.php\/page-d-exemple\/\" class=\"more-link\">Continuer la lecture<span class=\"screen-reader-text\"> de &laquo;&nbsp;Calendrier\/R\u00e9servation&nbsp;&raquo;<\/span><\/a><\/p>\n","protected":false},"author":1,"featured_media":0,"parent":0,"menu_order":0,"comment_status":"closed","ping_status":"closed","template":"","meta":{"ngg_post_thumbnail":0,"footnotes":""},"class_list":["post-2","page","type-page","status-publish","hentry"],"_links":{"self":[{"href":"https:\/\/modigliani1305.fr\/index.php\/wp-json\/wp\/v2\/pages\/2","targetHints":{"allow":["GET"]}}],"collection":[{"href":"https:\/\/modigliani1305.fr\/index.php\/wp-json\/wp\/v2\/pages"}],"about":[{"href":"https:\/\/modigliani1305.fr\/index.php\/wp-json\/wp\/v2\/types\/page"}],"author":[{"embeddable":true,"href":"https:\/\/modigliani1305.fr\/index.php\/wp-json\/wp\/v2\/users\/1"}],"replies":[{"embeddable":true,"href":"https:\/\/modigliani1305.fr\/index.php\/wp-json\/wp\/v2\/comments?post=2"}],"version-history":[{"count":132,"href":"https:\/\/modigliani1305.fr\/index.php\/wp-json\/wp\/v2\/pages\/2\/revisions"}],"predecessor-version":[{"id":573,"href":"https:\/\/modigliani1305.fr\/index.php\/wp-json\/wp\/v2\/pages\/2\/revisions\/573"}],"wp:attachment":[{"href":"https:\/\/modigliani1305.fr\/index.php\/wp-json\/wp\/v2\/media?parent=2"}],"curies":[{"name":"wp","href":"https:\/\/api.w.org\/{rel}","templated":true}]}}